{"id":64655,"date":"2026-02-16T09:02:24","date_gmt":"2026-02-16T08:02:24","guid":{"rendered":"https:\/\/rafacastaner.com\/sobre-mi\/"},"modified":"2026-02-23T16:05:55","modified_gmt":"2026-02-23T15:05:55","slug":"sobre-mi","status":"publish","type":"page","link":"https:\/\/www.rafacastaner.com\/ca\/sobre-mi\/","title":{"rendered":"Sobre mi"},"content":{"rendered":"<p>[et_pb_section fb_built=&#8221;1&#8243; _builder_version=&#8221;4.27.4&#8243; _module_preset=&#8221;default&#8221; custom_margin=&#8221;0px||0px||true|false&#8221; custom_padding=&#8221;0px|0px|0px|0px|true|true&#8221; global_colors_info=&#8221;{}&#8221; theme_builder_area=&#8221;post_content&#8221;][et_pb_row column_structure=&#8221;2_5,3_5&#8243; _builder_version=&#8221;4.27.4&#8243; _module_preset=&#8221;default&#8221; width=&#8221;100%&#8221; custom_padding=&#8221;0px||0px||true|false&#8221; global_colors_info=&#8221;{}&#8221; theme_builder_area=&#8221;post_content&#8221;][et_pb_column type=&#8221;2_5&#8243; _builder_version=&#8221;4.27.4&#8243; _module_preset=&#8221;default&#8221; global_colors_info=&#8221;{}&#8221; theme_builder_area=&#8221;post_content&#8221;][et_pb_code admin_label=&#8221;Galeria&#8221; _builder_version=&#8221;4.27.4&#8243; _module_preset=&#8221;default&#8221; width=&#8221;100%&#8221; width_tablet=&#8221;100%&#8221; width_phone=&#8221;100%&#8221; width_last_edited=&#8221;on|tablet&#8221; max_width=&#8221;100%&#8221; max_width_tablet=&#8221;100%&#8221; max_width_phone=&#8221;100%&#8221; max_width_last_edited=&#8221;on|tablet&#8221; custom_margin=&#8221;||1em||false|false&#8221; custom_css_free_form=&#8221;selector .galeria-masonry {||  column-count: 4;||}||selector h1{||  margin-bottom:1em;||}&#8221; locked=&#8221;off&#8221; global_colors_info=&#8221;{}&#8221; theme_builder_area=&#8221;post_content&#8221;]<span class=\"welove-breadcrumbs\"><a href=\"https:\/\/www.rafacastaner.com\/ca\/\">Inicio<\/a>&#8221;<\/span>[\/et_pb_code][et_pb_text _builder_version=&#8221;4.27.4&#8243; _module_preset=&#8221;default&#8221; header_font_size=&#8221;40px&#8221; header_line_height=&#8221;1.2em&#8221; header_font_size_tablet=&#8221;35px&#8221; header_font_size_phone=&#8221;30px&#8221; header_font_size_last_edited=&#8221;on|phone&#8221; global_colors_info=&#8221;{}&#8221; theme_builder_area=&#8221;post_content&#8221;]<\/p>\n<h1>Sobre mi<\/h1>\n<p>[\/et_pb_text][et_pb_image src=&#8221;https:\/\/www.rafacastaner.com\/wp-content\/uploads\/rafa-castaner-01-scaled.webp&#8221; alt=&#8221;Rafa Castaner 01&#8243; title_text=&#8221;Rafa Castaner 01&#8243; _builder_version=&#8221;4.27.4&#8243; _module_preset=&#8221;default&#8221; global_colors_info=&#8221;{}&#8221; theme_builder_area=&#8221;post_content&#8221;][\/et_pb_image][et_pb_image src=&#8221;https:\/\/www.rafacastaner.com\/wp-content\/uploads\/rafa-castaner-02.webp&#8221; alt=&#8221;Rafa Casta\u00f1er 02&#8243; title_text=&#8221;Rafa Casta\u00f1er 02&#8243; _builder_version=&#8221;4.27.4&#8243; _module_preset=&#8221;default&#8221; global_colors_info=&#8221;{}&#8221; theme_builder_area=&#8221;post_content&#8221;][\/et_pb_image][et_pb_image src=&#8221;https:\/\/www.rafacastaner.com\/wp-content\/uploads\/rafa-castaner-03.webp&#8221; alt=&#8221;Rafa Castaner 03&#8243; title_text=&#8221;Rafa Castaner 03&#8243; _builder_version=&#8221;4.27.4&#8243; _module_preset=&#8221;default&#8221; global_colors_info=&#8221;{}&#8221; theme_builder_area=&#8221;post_content&#8221; disabled_on=&#8221;on|on|on&#8221; disabled=&#8221;on&#8221;][\/et_pb_image][et_pb_image src=&#8221;https:\/\/www.rafacastaner.com\/wp-content\/uploads\/rafa-castaner-04.webp&#8221; alt=&#8221;Rafa Castaner 04&#8243; title_text=&#8221;Rafa Castaner 04&#8243; _builder_version=&#8221;4.27.4&#8243; _module_preset=&#8221;default&#8221; hover_enabled=&#8221;0&#8243; global_colors_info=&#8221;{}&#8221; theme_builder_area=&#8221;post_content&#8221; sticky_enabled=&#8221;0&#8243; disabled_on=&#8221;on|on|on&#8221; disabled=&#8221;on&#8221;][\/et_pb_image][et_pb_image src=&#8221;https:\/\/www.rafacastaner.com\/wp-content\/uploads\/rafa-castaner-05.webp&#8221; alt=&#8221;Rafa Castaner 05&#8243; title_text=&#8221;Rafa Castaner 05&#8243; _builder_version=&#8221;4.27.4&#8243; _module_preset=&#8221;default&#8221; hover_enabled=&#8221;0&#8243; global_colors_info=&#8221;{}&#8221; theme_builder_area=&#8221;post_content&#8221; sticky_enabled=&#8221;0&#8243; disabled_on=&#8221;on|on|on&#8221; disabled=&#8221;on&#8221;][\/et_pb_image][et_pb_image src=&#8221;https:\/\/www.rafacastaner.com\/wp-content\/uploads\/rafa-castaner-06.webp&#8221; alt=&#8221;Rafa Castaner 06&#8243; title_text=&#8221;Rafa Castaner 06&#8243; _builder_version=&#8221;4.27.4&#8243; _module_preset=&#8221;default&#8221; global_colors_info=&#8221;{}&#8221; theme_builder_area=&#8221;post_content&#8221; disabled_on=&#8221;on|on|on&#8221; disabled=&#8221;on&#8221;][\/et_pb_image][\/et_pb_column][et_pb_column type=&#8221;3_5&#8243; _builder_version=&#8221;4.27.4&#8243; _module_preset=&#8221;default&#8221; global_colors_info=&#8221;{}&#8221; theme_builder_area=&#8221;post_content&#8221;][et_pb_text _builder_version=&#8221;4.27.4&#8243; _module_preset=&#8221;default&#8221; global_colors_info=&#8221;{}&#8221; theme_builder_area=&#8221;post_content&#8221;]<\/p>\n<p>Dibuixar \u00e9s entendre amb les mans. En tots els meus treballs predomina la <span style=\"text-decoration: underline;\">experimentaci\u00f3 narrativa<\/span>: treballo sempre sobre aquesta necessitat que \u00e9s explicar, explicar-se, explicar hist\u00f2ries a trav\u00e9s de diferents veus, formats i mitjans.<\/p>\n<p><\/p>\n<p>Paral\u00b7lelament al meu treball professional com a creador, vaig anar descobrint que era capa\u00e7 de <span style=\"text-decoration: underline;\">acompanyar i ensenyar als altres a expressar-se<\/span>.<\/p>\n<p><\/p>\n<p>La multiplicitat d&#8217;eines i enfocaments que ja portava en mi, em va permetre dissenyar-me un lloc especial i ric com a professor. Aquests darrers anys he tingut un paper com <span style=\"text-decoration: underline;\">educador en institucions culturals, sales d&#8217;art i galeries<\/span>.<\/p>\n<p>[\/et_pb_text][et_pb_text _builder_version=&#8221;4.27.4&#8243; _module_preset=&#8221;default&#8221; global_colors_info=&#8221;{}&#8221; theme_builder_area=&#8221;post_content&#8221;]<\/p>\n<h2>Exposicions i premis<\/h2>\n<p>[\/et_pb_text][et_pb_text _builder_version=&#8221;4.27.4&#8243; _module_preset=&#8221;default&#8221; global_colors_info=&#8221;{}&#8221; theme_builder_area=&#8221;post_content&#8221;]<\/p>\n<ul>\n<li>1999 Accesit d&#8217;Il\u00b7lustraci\u00f3 Institut de la Joventut, d&#8217;Espanya.<\/li>\n<li>2000 Aigua, exposici\u00f3 de dibuixos i estampats, Circuit Festival d&#8217;Arts , Covent dels Angels.<\/li>\n<li>2002 Intervenci\u00f3 a Galeria d&#8217;Art Comit\u00e8.<\/li>\n<li>2003 Exposici\u00f3 col\u00b7lectiva \u201cL&#8217;aristocr\u00e0cia de l&#8217;esperit\u201d. Galeria Maria Jos\u00e9 Castellv\u00ed.<\/li>\n<li>2003 Exposici\u00f3 compartida amb l&#8217;escultora Ximena Labra. Galeria Coldcreation.<\/li>\n<li>2005 Performance mural a la galeria In Side Art, Figueres, Fira del Dibuix.<\/li>\n<li>2006 Galeria Experimentem. Exposici\u00f3 \u201cTinc Costum\u201d.<\/li>\n<li>2006 Exposici\u00f3 col\u00b7lectiva \u201c Qualsevol dia\u2026\u201d Galeria Experimentem.<\/li>\n<li>2007 Premi Junceda d&#8217;Animaci\u00f3 pel treball Barcelona Beats.<\/li>\n<li>2007 Premi Junceda per l&#8217;edici\u00f3 de la revista de c\u00f2mic i il\u00b7lustraci\u00f3 \u201cMatem\u00e0tiques\u201d.<\/li>\n<li>2011 Col\u00b7lectiu Virtual Room Projecte de difusi\u00f3 i Creaci\u00f3 Art\u00edstica. Col\u00b7lecci\u00f3 d&#8217;obra realitzada amb el meu fill Pablo Casta\u00f1er, als 3 anys. <a href=\"http:\/\/lavirtualroom.blogspot.com.es\/2010\/04\/rafa-y-pablo-castaner.html\">http:\/\/lavirtualroom.blogspot.com.es\/2010\/04\/rafa-y-pablo-castaner.html<\/a><\/li>\n<li>2011 Exposici\u00f3 del c\u00f2mic \u201cJard\u00ed\u201d i treball mural a la llibreria \u201cFatbottom\u201d.<\/li>\n<li>2012 Exposici\u00f3 a la Galeria Alegria, del treball realitzat com a tutor i professor del meu alumne Jordi Sagal\u00e1, de 13 anys. \u201cOnly deth is real\u201d<\/li>\n<li>2012 Exposici\u00f3 a llibreria Fattbotton, de la performance realitzada pel meu alumne Jordi Sagal\u00e1.<\/li>\n<li>2012 Exposici\u00f3 a la galeria Homesession Art Project &amp; Artists&#8217; Residency: Apropament narratiu a l&#8217;artista Yayoi Kusama. <a href=\"http:\/\/www.homesession.org\/EN\/02_artists\/artist_RafaelCastaner.php\">http:\/\/www.homesession.org\/EN\/02_artists\/artist_RafaelCastaner.php<\/a><\/li>\n<li>2014 \u201cArtifizalia\u201d Exposici\u00f3 col\u00b7lectiva de pintura a la galeria Cyan.<\/li>\n<li>2014 \u201cJazzuela\u201d exposici\u00f3 col\u00b7lectiva a la galeria Espai G<\/li>\n<li>2016 Participaci\u00f3 com a performer i dibuixant, a l&#8217;obra TATA MALA d&#8217;Enric Montefusco.<\/li>\n<li>(2017) Exposici\u00f3 a la galeria CROM \u201cBiografia inventada d&#8217;Hern\u00e1ndez Pijuan\u201d<\/li>\n<li>(2019) Exposici\u00f3 del projecte BOSQUE pel\u00b7l\u00edcula i performance al CCCB dins del marc de L \u00b4Alternativa Hall.<\/li>\n<li>(2019) Estrena i projecci\u00f3 de la pel\u00b7l\u00edcula TU NO EXISTEIXES en coautoria amb Marc Ravent\u00f3s. dins L \u00b4Alternativa. 2019<\/li>\n<li>(2019) Exposici\u00f3 col\u00b7lectiva a la galeria Esther Montoriol.<\/li>\n<li>(2020) Exposici\u00f3 col\u00b7lectiva a la galeria Esther Montoriol.<\/li>\n<li>(2020) Estrena a la secci\u00f3 nacional de L&#8217;Alternativa, de la pel\u00b7l\u00edcula d&#8217;animaci\u00f3 experimental \u201cExactament m\u00e9s o menys llavors ho fas aix\u00f2\u201d<\/li>\n<\/ul>\n<p>[\/et_pb_text][\/et_pb_column][\/et_pb_row][\/et_pb_section]<\/p>\n","protected":false},"excerpt":{"rendered":"<p><span class=\"welove-breadcrumbs\"><a href=\"https:\/\/www.rafacastaner.com\/ca\/\">Inicio<\/a>&#8221;<\/span>Sobre miDibuixar \u00e9s entendre amb les mans. En tots els meus treballs predomina la experimentaci\u00f3 narrativa: treballo sempre sobre aquesta necessitat que \u00e9s explicar, explicar-se, explicar hist\u00f2ries a trav\u00e9s de diferents veus, formats i mitjans.Paral\u00b7lelament al meu treball professional com a creador, vaig anar descobrint que era capa\u00e7 de acompanyar i ensenyar [&hellip;]<\/p>\n","protected":false},"author":1,"featured_media":0,"parent":0,"menu_order":0,"comment_status":"closed","ping_status":"closed","template":"","meta":{"_acf_changed":false,"_et_pb_use_builder":"on","_et_pb_old_content":"","_et_gb_content_width":"","inline_featured_image":false,"footnotes":""},"class_list":["post-64655","page","type-page","status-publish","hentry"],"acf":[],"yoast_head":"<!-- This site is optimized with the Yoast SEO plugin v27.0 - https:\/\/yoast.com\/product\/yoast-seo-wordpress\/ -->\n<title>Sobre mi | Rafa Casta\u00f1er<\/title>\n<meta name=\"robots\" content=\"index, follow, max-snippet:-1, max-image-preview:large, max-video-preview:-1\" \/>\n<link rel=\"canonical\" href=\"https:\/\/www.rafacastaner.com\/ca\/sobre-mi\/\" \/>\n<meta property=\"og:locale\" content=\"ca_ES\" \/>\n<meta property=\"og:type\" content=\"article\" \/>\n<meta property=\"og:title\" content=\"Sobre mi | Rafa Casta\u00f1er\" \/>\n<meta property=\"og:description\" content=\"Sobre miDibuixar \u00e9s entendre amb les mans. En tots els meus treballs predomina la experimentaci\u00f3 narrativa: treballo sempre sobre aquesta necessitat que \u00e9s explicar, explicar-se, explicar hist\u00f2ries a trav\u00e9s de diferents veus, formats i mitjans.Paral\u00b7lelament al meu treball professional com a creador, vaig anar descobrint que era capa\u00e7 de acompanyar i ensenyar [&hellip;]\" \/>\n<meta property=\"og:url\" content=\"https:\/\/www.rafacastaner.com\/ca\/sobre-mi\/\" \/>\n<meta property=\"og:site_name\" content=\"Rafa Casta\u00f1er\" \/>\n<meta property=\"article:modified_time\" content=\"2026-02-23T15:05:55+00:00\" \/>\n<meta name=\"twitter:card\" content=\"summary_large_image\" \/>\n<meta name=\"twitter:label1\" content=\"Temps estimat de lectura\" \/>\n\t<meta name=\"twitter:data1\" content=\"5 minuts\" \/>\n<script type=\"application\/ld+json\" class=\"yoast-schema-graph\">{\"@context\":\"https:\/\/schema.org\",\"@graph\":[{\"@type\":\"WebPage\",\"@id\":\"https:\/\/www.rafacastaner.com\/ca\/sobre-mi\/\",\"url\":\"https:\/\/www.rafacastaner.com\/ca\/sobre-mi\/\",\"name\":\"Sobre mi | Rafa Casta\u00f1er\",\"isPartOf\":{\"@id\":\"https:\/\/www.rafacastaner.com\/ca\/#website\"},\"datePublished\":\"2026-02-16T08:02:24+00:00\",\"dateModified\":\"2026-02-23T15:05:55+00:00\",\"breadcrumb\":{\"@id\":\"https:\/\/www.rafacastaner.com\/ca\/sobre-mi\/#breadcrumb\"},\"inLanguage\":\"ca\",\"potentialAction\":[{\"@type\":\"ReadAction\",\"target\":[\"https:\/\/www.rafacastaner.com\/ca\/sobre-mi\/\"]}]},{\"@type\":\"BreadcrumbList\",\"@id\":\"https:\/\/www.rafacastaner.com\/ca\/sobre-mi\/#breadcrumb\",\"itemListElement\":[{\"@type\":\"ListItem\",\"position\":1,\"name\":\"Portada\",\"item\":\"https:\/\/www.rafacastaner.com\/ca\/\"},{\"@type\":\"ListItem\",\"position\":2,\"name\":\"Sobre mi\"}]},{\"@type\":\"WebSite\",\"@id\":\"https:\/\/www.rafacastaner.com\/ca\/#website\",\"url\":\"https:\/\/www.rafacastaner.com\/ca\/\",\"name\":\"Rafa Casta\u00f1er\",\"description\":\"\",\"potentialAction\":[{\"@type\":\"SearchAction\",\"target\":{\"@type\":\"EntryPoint\",\"urlTemplate\":\"https:\/\/www.rafacastaner.com\/ca\/?s={search_term_string}\"},\"query-input\":{\"@type\":\"PropertyValueSpecification\",\"valueRequired\":true,\"valueName\":\"search_term_string\"}}],\"inLanguage\":\"ca\"}]}<\/script>\n<!-- \/ Yoast SEO plugin. -->","yoast_head_json":{"title":"Sobre mi | Rafa Casta\u00f1er","robots":{"index":"index","follow":"follow","max-snippet":"max-snippet:-1","max-image-preview":"max-image-preview:large","max-video-preview":"max-video-preview:-1"},"canonical":"https:\/\/www.rafacastaner.com\/ca\/sobre-mi\/","og_locale":"ca_ES","og_type":"article","og_title":"Sobre mi | Rafa Casta\u00f1er","og_description":"Sobre miDibuixar \u00e9s entendre amb les mans. En tots els meus treballs predomina la experimentaci\u00f3 narrativa: treballo sempre sobre aquesta necessitat que \u00e9s explicar, explicar-se, explicar hist\u00f2ries a trav\u00e9s de diferents veus, formats i mitjans.Paral\u00b7lelament al meu treball professional com a creador, vaig anar descobrint que era capa\u00e7 de acompanyar i ensenyar [&hellip;]","og_url":"https:\/\/www.rafacastaner.com\/ca\/sobre-mi\/","og_site_name":"Rafa Casta\u00f1er","article_modified_time":"2026-02-23T15:05:55+00:00","twitter_card":"summary_large_image","twitter_misc":{"Temps estimat de lectura":"5 minuts"},"schema":{"@context":"https:\/\/schema.org","@graph":[{"@type":"WebPage","@id":"https:\/\/www.rafacastaner.com\/ca\/sobre-mi\/","url":"https:\/\/www.rafacastaner.com\/ca\/sobre-mi\/","name":"Sobre mi | Rafa Casta\u00f1er","isPartOf":{"@id":"https:\/\/www.rafacastaner.com\/ca\/#website"},"datePublished":"2026-02-16T08:02:24+00:00","dateModified":"2026-02-23T15:05:55+00:00","breadcrumb":{"@id":"https:\/\/www.rafacastaner.com\/ca\/sobre-mi\/#breadcrumb"},"inLanguage":"ca","potentialAction":[{"@type":"ReadAction","target":["https:\/\/www.rafacastaner.com\/ca\/sobre-mi\/"]}]},{"@type":"BreadcrumbList","@id":"https:\/\/www.rafacastaner.com\/ca\/sobre-mi\/#breadcrumb","itemListElement":[{"@type":"ListItem","position":1,"name":"Portada","item":"https:\/\/www.rafacastaner.com\/ca\/"},{"@type":"ListItem","position":2,"name":"Sobre mi"}]},{"@type":"WebSite","@id":"https:\/\/www.rafacastaner.com\/ca\/#website","url":"https:\/\/www.rafacastaner.com\/ca\/","name":"Rafa Casta\u00f1er","description":"","potentialAction":[{"@type":"SearchAction","target":{"@type":"EntryPoint","urlTemplate":"https:\/\/www.rafacastaner.com\/ca\/?s={search_term_string}"},"query-input":{"@type":"PropertyValueSpecification","valueRequired":true,"valueName":"search_term_string"}}],"inLanguage":"ca"}]}},"_links":{"self":[{"href":"https:\/\/www.rafacastaner.com\/ca\/wp-json\/wp\/v2\/pages\/64655","targetHints":{"allow":["GET"]}}],"collection":[{"href":"https:\/\/www.rafacastaner.com\/ca\/wp-json\/wp\/v2\/pages"}],"about":[{"href":"https:\/\/www.rafacastaner.com\/ca\/wp-json\/wp\/v2\/types\/page"}],"author":[{"embeddable":true,"href":"https:\/\/www.rafacastaner.com\/ca\/wp-json\/wp\/v2\/users\/1"}],"replies":[{"embeddable":true,"href":"https:\/\/www.rafacastaner.com\/ca\/wp-json\/wp\/v2\/comments?post=64655"}],"version-history":[{"count":2,"href":"https:\/\/www.rafacastaner.com\/ca\/wp-json\/wp\/v2\/pages\/64655\/revisions"}],"predecessor-version":[{"id":64657,"href":"https:\/\/www.rafacastaner.com\/ca\/wp-json\/wp\/v2\/pages\/64655\/revisions\/64657"}],"wp:attachment":[{"href":"https:\/\/www.rafacastaner.com\/ca\/wp-json\/wp\/v2\/media?parent=64655"}],"curies":[{"name":"wp","href":"https:\/\/api.w.org\/{rel}","templated":true}]}}